{"id":1334,"date":"2022-12-13T16:07:45","date_gmt":"2022-12-13T16:07:45","guid":{"rendered":"https:\/\/provstmaria.com\/wp\/?page_id=1334"},"modified":"2023-07-26T23:02:37","modified_gmt":"2023-07-26T23:02:37","slug":"pastoral-juvenil-vocacional","status":"publish","type":"page","link":"https:\/\/provstmaria.com\/wp\/missao\/pastoral-juvenil-vocacional\/","title":{"rendered":"Pastoral Juvenil Vocacional"},"content":{"rendered":"\n<p class=\"has-medium-font-size\">Um Processo Relacional<\/p>\n\n\n\n<div class=\"wp-block-columns is-layout-flex wp-container-core-columns-is-layout-9d6595d7 wp-block-columns-is-layout-flex\">\n<div class=\"wp-block-column is-layout-flow wp-block-column-is-layout-flow\" style=\"flex-basis:66.66%\">\n<p>Deus continua a chamar! <br>A Sua chamada \u00e9 pessoal: um chamar \u00e0 amizade com Ele;<br>um dom recebido para ser oferecido a todos, na gratuitidade de um amor maior vivido no seguimento de Jesus, que, como outrora a Pedro, lan\u00e7a a pergunta: Amas-Me?<\/p>\n\n\n\n<p class=\"has-text-align-center\" style=\"font-style:italic;font-weight:300\"><strong><mark style=\"background-color:rgba(0, 0, 0, 0)\" class=\"has-inline-color has-black-color\">\u00abLevantai-vos! Lan\u00e7ai fora os medos que vos paralisam\u2026 Vivei!<br>Entregai-vos ao melhor da vida!\u00bb<\/mark><\/strong><br>Papa Francisco [C.Vivit-n.143].<\/p>\n\n\n\n<p><strong>O melhor da Vida!<\/strong><br>\u00c9 este Deus que procura a pessoa que O procura sem saber, no mais fundo de si.<br>A fonte de sentido que mata todas as sedes.<br>Um Amor em excesso que oferece ao mundo o melhor de Si: <strong>Jesus!<\/strong><br><em>O <\/em><strong><em>Caminho <\/em><\/strong><em>a percorrer;<br>A <\/em><strong><em>Verdade<\/em><\/strong><em><strong> <\/strong>a dizer;<br>A <strong>Vida <\/strong>que alimenta todo o caminhar.<br><\/em><strong><em>Algu\u00e9m <\/em><\/strong><em>que te quer, te ama e te chama,<br>para a <\/em><strong><em>aventura <\/em><\/strong><em>de O seguir.<\/em><\/p>\n\n\n\n<p>Colocamos em Suas m\u00e3os e no cora\u00e7\u00e3o das novas gera\u00e7\u00f5es o facho do testemunho de um estilo peculiar de ser, de estar e de agir, em Hospitalidade Franciscana Hospitaleira!<\/p>\n\n\n\n<p><a href=\"https:\/\/provstmaria.com\/wp\/contact-us\/\">Contacte-nos<\/a> e inicia a tua experi\u00eancia de entrega ao chamamento do Cristo.<\/p>\n<\/div>\n\n\n\n<div class=\"wp-block-column is-layout-flow wp-block-column-is-layout-flow\" style=\"flex-basis:33.33%\">\n<figure class=\"wp-block-gallery has-nested-images columns-2 is-cropped wp-block-gallery-1 is-layout-flex wp-block-gallery-is-layout-flex\">\n<figure class=\"wp-block-image size-large\"><img loading=\"lazy\" decoding=\"async\" width=\"800\" height=\"457\" data-id=\"1534\" src=\"https:\/\/provstmaria.com\/wp\/wp-content\/uploads\/Fotos\/jovens\/pjv-0001.jpg\" alt=\"\" class=\"wp-image-1534\" srcset=\"https:\/\/provstmaria.com\/wp\/wp-content\/uploads\/Fotos\/jovens\/pjv-0001.jpg 800w, https:\/\/provstmaria.com\/wp\/wp-content\/uploads\/Fotos\/jovens\/pjv-0001-300x171.jpg 300w, https:\/\/provstmaria.com\/wp\/wp-content\/uploads\/Fotos\/jovens\/pjv-0001-768x439.jpg 768w\" sizes=\"auto, (max-width: 800px) 100vw, 800px\" \/><\/figure>\n\n\n\n<figure class=\"wp-block-image size-large\"><img loading=\"lazy\" decoding=\"async\" width=\"640\" height=\"427\" data-id=\"1488\" src=\"https:\/\/provstmaria.com\/wp\/wp-content\/uploads\/2022\/12\/Jorn-070.jpg\" alt=\"\" class=\"wp-image-1488\" srcset=\"https:\/\/provstmaria.com\/wp\/wp-content\/uploads\/2022\/12\/Jorn-070.jpg 640w, https:\/\/provstmaria.com\/wp\/wp-content\/uploads\/2022\/12\/Jorn-070-300x200.jpg 300w\" sizes=\"auto, (max-width: 640px) 100vw, 640px\" \/><\/figure>\n\n\n\n<figure class=\"wp-block-image size-large\"><img loading=\"lazy\" decoding=\"async\" width=\"275\" height=\"207\" data-id=\"1539\" src=\"https:\/\/provstmaria.com\/wp\/wp-content\/uploads\/Fotos\/jovens\/slide-04.jpg\" alt=\"Pastoral Juvenil Vocacional\" class=\"wp-image-1539\"\/><\/figure>\n\n\n\n<figure class=\"wp-block-image size-large\"><img loading=\"lazy\" decoding=\"async\" width=\"1024\" height=\"768\" data-id=\"1579\" src=\"https:\/\/provstmaria.com\/wp\/wp-content\/uploads\/Fotos\/jovens\/Pastoral_4-1024x768.jpg\" alt=\"Pastoral Juvenil Vocacional\" class=\"wp-image-1579\" srcset=\"https:\/\/provstmaria.com\/wp\/wp-content\/uploads\/Fotos\/jovens\/Pastoral_4-1024x768.jpg 1024w, https:\/\/provstmaria.com\/wp\/wp-content\/uploads\/Fotos\/jovens\/Pastoral_4-300x225.jpg 300w, https:\/\/provstmaria.com\/wp\/wp-content\/uploads\/Fotos\/jovens\/Pastoral_4-768x576.jpg 768w, https:\/\/provstmaria.com\/wp\/wp-content\/uploads\/Fotos\/jovens\/Pastoral_4.jpg 1500w\" sizes=\"auto, (max-width: 1024px) 100vw, 1024px\" \/><\/figure>\n\n\n\n<figure class=\"wp-block-image size-large\"><img loading=\"lazy\" decoding=\"async\" width=\"1024\" height=\"768\" data-id=\"1580\" src=\"https:\/\/provstmaria.com\/wp\/wp-content\/uploads\/Fotos\/jovens\/Pastoral_5-1024x768.jpg\" alt=\"Pastoral Juvenil Vocacional\" class=\"wp-image-1580\" srcset=\"https:\/\/provstmaria.com\/wp\/wp-content\/uploads\/Fotos\/jovens\/Pastoral_5-1024x768.jpg 1024w, https:\/\/provstmaria.com\/wp\/wp-content\/uploads\/Fotos\/jovens\/Pastoral_5-300x225.jpg 300w, https:\/\/provstmaria.com\/wp\/wp-content\/uploads\/Fotos\/jovens\/Pastoral_5-768x576.jpg 768w, https:\/\/provstmaria.com\/wp\/wp-content\/uploads\/Fotos\/jovens\/Pastoral_5-1536x1152.jpg 1536w, https:\/\/provstmaria.com\/wp\/wp-content\/uploads\/Fotos\/jovens\/Pastoral_5-2048x1536.jpg 2048w\" sizes=\"auto, (max-width: 1024px) 100vw, 1024px\" \/><\/figure>\n\n\n\n<figure class=\"wp-block-image size-large\"><img loading=\"lazy\" decoding=\"async\" width=\"1024\" height=\"768\" data-id=\"1577\" src=\"https:\/\/provstmaria.com\/wp\/wp-content\/uploads\/Fotos\/jovens\/Pastoral_2-1024x768.jpg\" alt=\"Pastoral Juvenil Vocacional\" class=\"wp-image-1577\" srcset=\"https:\/\/provstmaria.com\/wp\/wp-content\/uploads\/Fotos\/jovens\/Pastoral_2-1024x768.jpg 1024w, https:\/\/provstmaria.com\/wp\/wp-content\/uploads\/Fotos\/jovens\/Pastoral_2-300x225.jpg 300w, https:\/\/provstmaria.com\/wp\/wp-content\/uploads\/Fotos\/jovens\/Pastoral_2-768x576.jpg 768w, https:\/\/provstmaria.com\/wp\/wp-content\/uploads\/Fotos\/jovens\/Pastoral_2-1536x1152.jpg 1536w, https:\/\/provstmaria.com\/wp\/wp-content\/uploads\/Fotos\/jovens\/Pastoral_2-2048x1536.jpg 2048w\" sizes=\"auto, (max-width: 1024px) 100vw, 1024px\" \/><\/figure>\n\n\n\n<figure class=\"wp-block-image size-large\"><img loading=\"lazy\" decoding=\"async\" width=\"1024\" height=\"768\" data-id=\"1578\" src=\"https:\/\/provstmaria.com\/wp\/wp-content\/uploads\/Fotos\/jovens\/Pastoral_3-1024x768.jpg\" alt=\"Pastoral Juvenil Vocacional\" class=\"wp-image-1578\" srcset=\"https:\/\/provstmaria.com\/wp\/wp-content\/uploads\/Fotos\/jovens\/Pastoral_3-1024x768.jpg 1024w, https:\/\/provstmaria.com\/wp\/wp-content\/uploads\/Fotos\/jovens\/Pastoral_3-300x225.jpg 300w, https:\/\/provstmaria.com\/wp\/wp-content\/uploads\/Fotos\/jovens\/Pastoral_3-768x576.jpg 768w, https:\/\/provstmaria.com\/wp\/wp-content\/uploads\/Fotos\/jovens\/Pastoral_3-1536x1152.jpg 1536w, https:\/\/provstmaria.com\/wp\/wp-content\/uploads\/Fotos\/jovens\/Pastoral_3-2048x1536.jpg 2048w\" sizes=\"auto, (max-width: 1024px) 100vw, 1024px\" \/><\/figure>\n\n\n\n<figure class=\"wp-block-image size-large\"><img loading=\"lazy\" decoding=\"async\" width=\"1024\" height=\"768\" data-id=\"1576\" src=\"https:\/\/provstmaria.com\/wp\/wp-content\/uploads\/Fotos\/jovens\/Pastoral_1-1024x768.jpg\" alt=\"Pastoral Juvenil Vocacional\" class=\"wp-image-1576\" srcset=\"https:\/\/provstmaria.com\/wp\/wp-content\/uploads\/Fotos\/jovens\/Pastoral_1-1024x768.jpg 1024w, https:\/\/provstmaria.com\/wp\/wp-content\/uploads\/Fotos\/jovens\/Pastoral_1-300x225.jpg 300w, https:\/\/provstmaria.com\/wp\/wp-content\/uploads\/Fotos\/jovens\/Pastoral_1-768x576.jpg 768w, https:\/\/provstmaria.com\/wp\/wp-content\/uploads\/Fotos\/jovens\/Pastoral_1-1536x1152.jpg 1536w, https:\/\/provstmaria.com\/wp\/wp-content\/uploads\/Fotos\/jovens\/Pastoral_1-2048x1536.jpg 2048w\" sizes=\"auto, (max-width: 1024px) 100vw, 1024px\" \/><\/figure>\n<\/figure>\n<\/div>\n<\/div>\n","protected":false},"excerpt":{"rendered":"<p>Deus continua a chamar!<br \/>\nA Sua chamada \u00e9 pessoal: um chamar \u00e0 amizade com Ele;<br \/>\num dom recebido para ser oferecido a todos, na gratuitidade de um amor maior<\/p>\n","protected":false},"author":1,"featured_media":1371,"parent":59,"menu_order":0,"comment_status":"closed","ping_status":"closed","template":"","meta":{"footnotes":""},"class_list":["post-1334","page","type-page","status-publish","has-post-thumbnail","hentry"],"yoast_head":"<!-- This site is optimized with the Yoast SEO plugin v27.4 - https:\/\/yoast.com\/product\/yoast-seo-wordpress\/ -->\n<title>Pastoral Juvenil Vocacional - Prov\u00edncia de Santa Maria<\/title>\n<meta name=\"description\" content=\"A Pastoral Juvenil Vocacional promove o encontro dos jovens com o sentido da vida. Guia-os na descoberta da sua voca\u00e7\u00e3o e miss\u00e3o no mundo.\" \/>\n<meta name=\"robots\" content=\"index, follow, max-snippet:-1, max-image-preview:large, max-video-preview:-1\" \/>\n<link rel=\"canonical\" href=\"https:\/\/provstmaria.com\/wp\/missao\/pastoral-juvenil-vocacional\/\" \/>\n<meta property=\"og:locale\" content=\"pt_PT\" \/>\n<meta property=\"og:type\" content=\"article\" \/>\n<meta property=\"og:title\" content=\"Pastoral Juvenil Vocacional - Prov\u00edncia de Santa Maria\" \/>\n<meta property=\"og:description\" content=\"A Pastoral Juvenil Vocacional promove o encontro dos jovens com o sentido da vida. Guia-os na descoberta da sua voca\u00e7\u00e3o e miss\u00e3o no mundo.\" \/>\n<meta property=\"og:url\" content=\"https:\/\/provstmaria.com\/wp\/missao\/pastoral-juvenil-vocacional\/\" \/>\n<meta property=\"og:site_name\" content=\"Prov\u00edncia de Santa Maria\" \/>\n<meta property=\"article:modified_time\" content=\"2023-07-26T23:02:37+00:00\" \/>\n<meta property=\"og:image\" content=\"https:\/\/provstmaria.com\/wp\/wp-content\/uploads\/2022\/12\/pjv-0001.jpg\" \/>\n\t<meta property=\"og:image:width\" content=\"800\" \/>\n\t<meta property=\"og:image:height\" content=\"457\" \/>\n\t<meta property=\"og:image:type\" content=\"image\/jpeg\" \/>\n<meta name=\"twitter:card\" content=\"summary_large_image\" \/>\n<meta name=\"twitter:label1\" content=\"Tempo estimado de leitura\" \/>\n\t<meta name=\"twitter:data1\" content=\"3 minutos\" \/>\n<script type=\"application\/ld+json\" class=\"yoast-schema-graph\">{\"@context\":\"https:\\\/\\\/schema.org\",\"@graph\":[{\"@type\":\"WebPage\",\"@id\":\"https:\\\/\\\/provstmaria.com\\\/wp\\\/missao\\\/pastoral-juvenil-vocacional\\\/\",\"url\":\"https:\\\/\\\/provstmaria.com\\\/wp\\\/missao\\\/pastoral-juvenil-vocacional\\\/\",\"name\":\"Pastoral Juvenil Vocacional - Prov\u00edncia de Santa Maria\",\"isPartOf\":{\"@id\":\"https:\\\/\\\/provstmaria.com\\\/wp\\\/#website\"},\"primaryImageOfPage\":{\"@id\":\"https:\\\/\\\/provstmaria.com\\\/wp\\\/missao\\\/pastoral-juvenil-vocacional\\\/#primaryimage\"},\"image\":{\"@id\":\"https:\\\/\\\/provstmaria.com\\\/wp\\\/missao\\\/pastoral-juvenil-vocacional\\\/#primaryimage\"},\"thumbnailUrl\":\"https:\\\/\\\/provstmaria.com\\\/wp\\\/wp-content\\\/uploads\\\/2022\\\/12\\\/pjv-0001.jpg\",\"datePublished\":\"2022-12-13T16:07:45+00:00\",\"dateModified\":\"2023-07-26T23:02:37+00:00\",\"description\":\"A Pastoral Juvenil Vocacional promove o encontro dos jovens com o sentido da vida. Guia-os na descoberta da sua voca\u00e7\u00e3o e miss\u00e3o no mundo.\",\"breadcrumb\":{\"@id\":\"https:\\\/\\\/provstmaria.com\\\/wp\\\/missao\\\/pastoral-juvenil-vocacional\\\/#breadcrumb\"},\"inLanguage\":\"pt-PT\",\"potentialAction\":[{\"@type\":\"ReadAction\",\"target\":[\"https:\\\/\\\/provstmaria.com\\\/wp\\\/missao\\\/pastoral-juvenil-vocacional\\\/\"]}]},{\"@type\":\"ImageObject\",\"inLanguage\":\"pt-PT\",\"@id\":\"https:\\\/\\\/provstmaria.com\\\/wp\\\/missao\\\/pastoral-juvenil-vocacional\\\/#primaryimage\",\"url\":\"https:\\\/\\\/provstmaria.com\\\/wp\\\/wp-content\\\/uploads\\\/2022\\\/12\\\/pjv-0001.jpg\",\"contentUrl\":\"https:\\\/\\\/provstmaria.com\\\/wp\\\/wp-content\\\/uploads\\\/2022\\\/12\\\/pjv-0001.jpg\",\"width\":800,\"height\":457,\"caption\":\"Pastoral Juvenil Vocacional\"},{\"@type\":\"BreadcrumbList\",\"@id\":\"https:\\\/\\\/provstmaria.com\\\/wp\\\/missao\\\/pastoral-juvenil-vocacional\\\/#breadcrumb\",\"itemListElement\":[{\"@type\":\"ListItem\",\"position\":1,\"name\":\"Home\",\"item\":\"https:\\\/\\\/provstmaria.com\\\/wp\\\/\"},{\"@type\":\"ListItem\",\"position\":2,\"name\":\"A Nossa Miss\u00e3o\",\"item\":\"https:\\\/\\\/provstmaria.com\\\/wp\\\/missao\\\/\"},{\"@type\":\"ListItem\",\"position\":3,\"name\":\"Pastoral Juvenil Vocacional\"}]},{\"@type\":\"WebSite\",\"@id\":\"https:\\\/\\\/provstmaria.com\\\/wp\\\/#website\",\"url\":\"https:\\\/\\\/provstmaria.com\\\/wp\\\/\",\"name\":\"Prov\u00edncia de Santa Maria\",\"description\":\"Site da Prov\u00edncia de Santa Maria\",\"potentialAction\":[{\"@type\":\"SearchAction\",\"target\":{\"@type\":\"EntryPoint\",\"urlTemplate\":\"https:\\\/\\\/provstmaria.com\\\/wp\\\/?s={search_term_string}\"},\"query-input\":{\"@type\":\"PropertyValueSpecification\",\"valueRequired\":true,\"valueName\":\"search_term_string\"}}],\"inLanguage\":\"pt-PT\"}]}<\/script>\n<!-- \/ Yoast SEO plugin. -->","yoast_head_json":{"title":"Pastoral Juvenil Vocacional - Prov\u00edncia de Santa Maria","description":"A Pastoral Juvenil Vocacional promove o encontro dos jovens com o sentido da vida. Guia-os na descoberta da sua voca\u00e7\u00e3o e miss\u00e3o no mundo.","robots":{"index":"index","follow":"follow","max-snippet":"max-snippet:-1","max-image-preview":"max-image-preview:large","max-video-preview":"max-video-preview:-1"},"canonical":"https:\/\/provstmaria.com\/wp\/missao\/pastoral-juvenil-vocacional\/","og_locale":"pt_PT","og_type":"article","og_title":"Pastoral Juvenil Vocacional - Prov\u00edncia de Santa Maria","og_description":"A Pastoral Juvenil Vocacional promove o encontro dos jovens com o sentido da vida. Guia-os na descoberta da sua voca\u00e7\u00e3o e miss\u00e3o no mundo.","og_url":"https:\/\/provstmaria.com\/wp\/missao\/pastoral-juvenil-vocacional\/","og_site_name":"Prov\u00edncia de Santa Maria","article_modified_time":"2023-07-26T23:02:37+00:00","og_image":[{"width":800,"height":457,"url":"https:\/\/provstmaria.com\/wp\/wp-content\/uploads\/2022\/12\/pjv-0001.jpg","type":"image\/jpeg"}],"twitter_card":"summary_large_image","twitter_misc":{"Tempo estimado de leitura":"3 minutos"},"schema":{"@context":"https:\/\/schema.org","@graph":[{"@type":"WebPage","@id":"https:\/\/provstmaria.com\/wp\/missao\/pastoral-juvenil-vocacional\/","url":"https:\/\/provstmaria.com\/wp\/missao\/pastoral-juvenil-vocacional\/","name":"Pastoral Juvenil Vocacional - Prov\u00edncia de Santa Maria","isPartOf":{"@id":"https:\/\/provstmaria.com\/wp\/#website"},"primaryImageOfPage":{"@id":"https:\/\/provstmaria.com\/wp\/missao\/pastoral-juvenil-vocacional\/#primaryimage"},"image":{"@id":"https:\/\/provstmaria.com\/wp\/missao\/pastoral-juvenil-vocacional\/#primaryimage"},"thumbnailUrl":"https:\/\/provstmaria.com\/wp\/wp-content\/uploads\/2022\/12\/pjv-0001.jpg","datePublished":"2022-12-13T16:07:45+00:00","dateModified":"2023-07-26T23:02:37+00:00","description":"A Pastoral Juvenil Vocacional promove o encontro dos jovens com o sentido da vida. Guia-os na descoberta da sua voca\u00e7\u00e3o e miss\u00e3o no mundo.","breadcrumb":{"@id":"https:\/\/provstmaria.com\/wp\/missao\/pastoral-juvenil-vocacional\/#breadcrumb"},"inLanguage":"pt-PT","potentialAction":[{"@type":"ReadAction","target":["https:\/\/provstmaria.com\/wp\/missao\/pastoral-juvenil-vocacional\/"]}]},{"@type":"ImageObject","inLanguage":"pt-PT","@id":"https:\/\/provstmaria.com\/wp\/missao\/pastoral-juvenil-vocacional\/#primaryimage","url":"https:\/\/provstmaria.com\/wp\/wp-content\/uploads\/2022\/12\/pjv-0001.jpg","contentUrl":"https:\/\/provstmaria.com\/wp\/wp-content\/uploads\/2022\/12\/pjv-0001.jpg","width":800,"height":457,"caption":"Pastoral Juvenil Vocacional"},{"@type":"BreadcrumbList","@id":"https:\/\/provstmaria.com\/wp\/missao\/pastoral-juvenil-vocacional\/#breadcrumb","itemListElement":[{"@type":"ListItem","position":1,"name":"Home","item":"https:\/\/provstmaria.com\/wp\/"},{"@type":"ListItem","position":2,"name":"A Nossa Miss\u00e3o","item":"https:\/\/provstmaria.com\/wp\/missao\/"},{"@type":"ListItem","position":3,"name":"Pastoral Juvenil Vocacional"}]},{"@type":"WebSite","@id":"https:\/\/provstmaria.com\/wp\/#website","url":"https:\/\/provstmaria.com\/wp\/","name":"Prov\u00edncia de Santa Maria","description":"Site da Prov\u00edncia de Santa Maria","potentialAction":[{"@type":"SearchAction","target":{"@type":"EntryPoint","urlTemplate":"https:\/\/provstmaria.com\/wp\/?s={search_term_string}"},"query-input":{"@type":"PropertyValueSpecification","valueRequired":true,"valueName":"search_term_string"}}],"inLanguage":"pt-PT"}]}},"_links":{"self":[{"href":"https:\/\/provstmaria.com\/wp\/wp-json\/wp\/v2\/pages\/1334","targetHints":{"allow":["GET"]}}],"collection":[{"href":"https:\/\/provstmaria.com\/wp\/wp-json\/wp\/v2\/pages"}],"about":[{"href":"https:\/\/provstmaria.com\/wp\/wp-json\/wp\/v2\/types\/page"}],"author":[{"embeddable":true,"href":"https:\/\/provstmaria.com\/wp\/wp-json\/wp\/v2\/users\/1"}],"replies":[{"embeddable":true,"href":"https:\/\/provstmaria.com\/wp\/wp-json\/wp\/v2\/comments?post=1334"}],"version-history":[{"count":22,"href":"https:\/\/provstmaria.com\/wp\/wp-json\/wp\/v2\/pages\/1334\/revisions"}],"predecessor-version":[{"id":2014,"href":"https:\/\/provstmaria.com\/wp\/wp-json\/wp\/v2\/pages\/1334\/revisions\/2014"}],"up":[{"embeddable":true,"href":"https:\/\/provstmaria.com\/wp\/wp-json\/wp\/v2\/pages\/59"}],"wp:featuredmedia":[{"embeddable":true,"href":"https:\/\/provstmaria.com\/wp\/wp-json\/wp\/v2\/media\/1371"}],"wp:attachment":[{"href":"https:\/\/provstmaria.com\/wp\/wp-json\/wp\/v2\/media?parent=1334"}],"curies":[{"name":"wp","href":"https:\/\/api.w.org\/{rel}","templated":true}]}}